{"id":4763,"date":"2017-05-19T16:47:58","date_gmt":"2017-05-19T14:47:58","guid":{"rendered":"http:\/\/tacotichelaar.nl\/wordpress\/?page_id=4763"},"modified":"2024-09-27T08:05:41","modified_gmt":"2024-09-27T06:05:41","slug":"matthijs-beck-onder-directeur-van-curacao","status":"publish","type":"page","link":"https:\/\/tacotichelaar.nl\/wordpress\/westindische-compagnie\/matthijs-beck-onder-directeur-van-curacao\/","title":{"rendered":"Matthijs Beck, onder-directeur van de WIC op Cura\u00e7ao"},"content":{"rendered":"<p><strong>Matthijs Beck<\/strong> (Stolberg bij Aken (?) &#8211; Willemstad, Cura\u00e7ao, 10 of 15 november 1668) vertrok in april 1635 als koopman in suiker, lakens naar Nederlands-Brazili\u00eb, waar hij na twee maanden aankwam.<sup class='footnote'><a href='#fn-4763-1' id='fnref-4763-1' onclick='return fdfootnote_show(4763)'>1<\/a><\/sup> Hij zou niet in dienst geweest zijn van de WIC, maar een &#8220;vrije jongen&#8221;.<sup class='footnote'><a href='#fn-4763-2' id='fnref-4763-2' onclick='return fdfootnote_show(4763)'>2<\/a><\/sup> Beck kwam eerder dan Johan Maurits in Brazili\u00eb aan en zou er 19 jaar blijven. In 1642 was hij president van de schepenen in Mauritsstad.<\/p>\n<p><strong><img decoding=\"async\" src=\"https:\/\/upload.wikimedia.org\/wikipedia\/commons\/a\/a1\/Frans_Post_002.jpg\"><\/strong>Frans Post &#8211; &nbsp;Itamamaraca<\/p>\n<p>Beck was ook ouderling en trad ettelijke keren op als getuige bij doop van kinderen in de Braziliaanse gemeenschap. In 1646 woonde hij in Recife, maar bezat een maniokplantage op Itamamaraca.<sup class='footnote'><a href='#fn-4763-3' id='fnref-4763-3' onclick='return fdfootnote_show(4763)'>3<\/a><\/sup> In 1646 leende hij 3.500 gulden bij Mattheus Hoeufft.<\/p>\n<p><img decoding=\"async\" class=\"aligncenter\" src=\"https:\/\/upload.wikimedia.org\/wikipedia\/commons\/9\/90\/AMH-8577-NA_Map_of_Itamaraca.jpg\" alt=\"AMH-8577-NA_Map_of_Itamaraca.jpg (2400\u00d71360)\"><\/p>\n<p>In 1649 bezette hij Ceara en rapporteerde regelmatig aan zijn superieuren.<sup class='footnote'><a href='#fn-4763-4' id='fnref-4763-4' onclick='return fdfootnote_show(4763)'>4<\/a><\/sup> Hem was beloofd als hij zilvermijnen ontdekte, hij het privelege kreeg. Beck sloot vrede met de plaatselijke indianen. Hij is de grondlegger van het fort Schoonenborch, nu Fortalezza. Hij heeft als directeur van de handelspost veel materiaal voor de mijnbouw aan laten trekken, maar klaagde over vakkennis van zijn Duitse werknemers. Hij liet ook zijn vrouw en have en goed, slaven, paarden en gereedschappen naar Ceara overbrengen.<\/p>\n<p><a href=\"http:\/\/tacotichelaar.nl\/wordpress\/huisonderzoeken\/jean-hoeufft\/\" target=\"_blank\" rel=\"noopener noreferrer\">Jean Hoeufft<\/a> en David de la Croix hadden een suikerraffinage opgezet in La Rochelle; Hoeufft&nbsp;bezat ook een suikermolen in Nederlands-Brazil\u00eb, die is geerfd door Matthias Beck. Er heerste droogte en ze hadden aanvallen van indianen te verduren. Beck besloot het fort aan te Portugezen te overhandigen. Vanwege het verdrag van Taborda werd er geen druk op de Nederlanders uitgeoefend die op afstand woonden en pas veel later van de gang van zaken op de hoogte waren. Matthias Beck&nbsp;en zijn manschappen vertrokken in twee kleine boten in oktober 1654 als laatsten uit Brazili\u00eb. Beck klaagde dat hij enkel wat kleding had kunnen meenemen, en dat hij 30.000 gulden in zijn project had gestoken en de WIC voor het verlies verantwoordelijk stelde. Via Tobago kwam hij aan op Barbados, waar hij de gouverneur van Nieuw-Nederland ontmoette.<\/p>\n<figure style=\"width: 1217px\" class=\"wp-caption aligncenter\"><img loading=\"lazy\" decoding=\"async\" src=\"https:\/\/upload.wikimedia.org\/wikipedia\/commons\/thumb\/7\/77\/AMH-6825-KB_View_of_Siara.jpg\/1217px-AMH-6825-KB_View_of_Siara.jpg\" alt=\"File:AMH-6825-KB View of Siara.jpg\" width=\"1217\" height=\"1024\"><figcaption class=\"wp-caption-text\">Gezicht op Siara. Jacob van Meurs (graveur \/ etser), Jacob van Meurs (uitgever)<\/figcaption><\/figure>\n<p>In 1655 is hij door Peter Stuyvesant aangesteld als onder-directeur op Cura\u00e7ao, en in 1659 als directeur.<sup class='footnote'><a href='#fn-4763-5' id='fnref-4763-5' onclick='return fdfootnote_show(4763)'>5<\/a><\/sup> Daar bevorderde hij niet alleen het fokken van vee, het telen van groenten in de compagnietuinen, de suikerriet &#8211; en katoenaanbouw, de zoutwinning, maar ook de smokkel- en slavenhandel.<sup class='footnote'><a href='#fn-4763-6' id='fnref-4763-6' onclick='return fdfootnote_show(4763)'>6<\/a><\/sup> Het gaat niet om grote aantallen slaven en ze werden verkocht aan Spanjaarden <sup class='footnote'><a href='#fn-4763-7' id='fnref-4763-7' onclick='return fdfootnote_show(4763)'>7<\/a><\/sup> in Porto Bello, Cuba, en Carthagena, of geruild tegen huiden, etc. De veestapel werd uitgebreid om in de problematische voedselvoorziening te kunnen voorzien.<sup class='footnote'><a href='#fn-4763-8' id='fnref-4763-8' onclick='return fdfootnote_show(4763)'>8<\/a><\/sup> Beck liet fruit aanrukken vanuit Nieuw-Nederland. In 1659 arriveerde er een groep van 70 Sefardische Joden op Cura\u00e7ao.<sup class='footnote'><a href='#fn-4763-9' id='fnref-4763-9' onclick='return fdfootnote_show(4763)'>9<\/a><\/sup> Van een schip met 220 slaven, vertrokken vanaf Annibo, kwamen er 85 levend aan de overkant van de oceaan aan, vanwege een gebrek aan water en levensmiddelen aan boord.<sup class='footnote'><a href='#fn-4763-10' id='fnref-4763-10' onclick='return fdfootnote_show(4763)'>10<\/a><\/sup><\/p>\n<p>Rond 1660 liet Beck de plantage Savonet als priv\u00e9-eigendom aanleggen.[<a href=\"https:\/\/books.google.nl\/books?id=RxU0DwAAQBAJ&amp;pg=PT126&amp;lpg=PT126&amp;dq=plantage+savonet&amp;source=bl&amp;ots=RiWwgo9BIf&amp;sig=ACfU3U2NewVMMfVbrv4cGNPE4E-CkNox8g&amp;hl=en&amp;sa=X&amp;ved=2ahUKEwijw66lsdbpAhXN_aQKHRWiAGM4ChDoATAIegQIChAB#v=onepage&amp;q=plantage%20savonet&amp;f=false\" target=\"_blank\" rel=\"noopener noreferrer\">Aruba, Curacao en Bonaire by Guido Derksen<\/a> ] In 1664 woonde zijn broer Willem op Savonet.[<a href=\"https:\/\/www.newnetherlandinstitute.org\/files\/5313\/6082\/3614\/Curacao_Transcription.pdf\" target=\"_blank\" rel=\"noopener noreferrer\">Curacao Papers, 1640 \u2013 1665 , p. 251<\/a>] Beck liet in 1664 300 slaven naar Suriname (Nieuw-Amsterdam) opzenden; onderweg stierven er tien.<\/p>\n<figure style=\"width: 800px\" class=\"wp-caption aligncenter\"><img loading=\"lazy\" decoding=\"async\" src=\"https:\/\/upload.wikimedia.org\/wikipedia\/commons\/thumb\/4\/46\/Landhuis_Sta._Barbara_Curacao.jpg\/800px-Landhuis_Sta._Barbara_Curacao.jpg\" alt=\"File:Landhuis Sta. Barbara Curacao.jpg\" width=\"800\" height=\"600\"><figcaption class=\"wp-caption-text\">Landhuis Santa Barbara eigendom van Matthias Beck, samen met zijn schoonzoon Jan Doncker.<\/figcaption><\/figure>\n<pre>Stadsarchief Amsterdam NA 3188-265, <span id=\"yui_3_16_0_ym19_1_1492423028087_5279\"><span id=\"yui_3_16_0_ym19_1_1492423028087_5281\">29 sept. 1665 not. H. Outgers&nbsp;<\/span><\/span><span id=\"yui_3_16_0_ym19_1_1492423028087_5316\"><span id=\"yui_3_16_0_ym19_1_1492423028087_5318\">Wisselbriefprotest van de WIC aan Hans Hontum. Afschrift : Curacao 15 juni 1665 pesos 1564 - aan de WIC te betalen 1564 volwaarde stukken van achten de waarde in negros van <span id=\"yui_3_16_0_ym19_1_1492423028087_5323\"><span id=\"yui_3_16_0_ym19_1_1492423028087_5322\">Mathias Beck<\/span><\/span> ontvangen. M<\/span><\/span>et dank aan R. Koopman, Zaandam.<\/pre>\n<p>In 1666 verordineerde hij een schipper de slaven niet op Guadaloupe te verkopen, maar op Cura\u00e7ao; de schipper vertrok met enkele slaven, toen Beck niet in staat bleek aan zijn belofte te voldoen.<\/p>\n<p>In 1668 waren op het eiland 3.000 slaven aanwezig. In 1669 werd de helft van het aantal slaven illegaal uitgevoerd vanuit Cura\u00e7ao. Omdat Spanje officieel geen handel wilde drijven met een niet-katholiek land werden <a title=\"Zoutwaterneger\" href=\"https:\/\/nl.wikipedia.org\/wiki\/Zoutwaterneger\">zoutwaternegers<\/a> steeds vaker verkocht via Cura\u00e7ao.<\/p>\n<p>Matthias Beck hertrouwde op Cura\u00e7ao met Leonora Grevenraet (Amsterdam, 1623 &#8211; ?) in een onbekend jaar.<sup class='footnote'><a href='#fn-4763-11' id='fnref-4763-11' onclick='return fdfootnote_show(4763)'>11<\/a><\/sup> Uit zijn eerste huwelijk&nbsp; met Anna Hack de volgende kinderen<\/p>\n<ul>\n<li>Op 22 december 1638 werd Anneken Beck gedoopt, op 18 december 1639 Anna, Maria in 1641, op 11 mei 1644 Suzanna, op 22 maart 1646 nog een Suzanna, en op 13 juni 1647 Christina.<sup class='footnote'><a href='#fn-4763-12' id='fnref-4763-12' onclick='return fdfootnote_show(4763)'>12<\/a><\/sup> (Becks dochter Anna trouwde met Adriaen van Beaumont, predikant, beiden zijn in 1663 omgekomen? Anna Maria Beck&nbsp; (?) trouwde met Jan Doncker, eveneens gouverneur van Cura\u00e7ao.)&nbsp;<\/li>\n<li>Jacob Beck (8 maart 1643-juni 1709) trouwde in 1700 met Anna Emerentia Kerkrinck; hij woonde tot 1704 in Utrecht en liet zijn Surinaamse zaken waarnemen door Jan Doncker vanwege vertrek naar het buitenland. Vervolgens gouverneur van Cura\u00e7ao tussen 1704-1709, waar hij in de problemen raakte; overleden in Bergen (Noorwegen) waar het schip op de terugreis strandde.<\/li>\n<li><img decoding=\"async\" src=\"https:\/\/upload.wikimedia.org\/wikipedia\/commons\/thumb\/2\/2f\/Santa_Barbara_plantage_op_Cura%C3%A7ao%2C_Bestanddeelnr_935-1188.jpg\/725px-Santa_Barbara_plantage_op_Cura%C3%A7ao%2C_Bestanddeelnr_935-1188.jpg?20180225041050\" alt=\"File:Santa Barbara plantage op Cura\u00e7ao, Bestanddeelnr 935-1188.jpg\"><\/li>\n<li>Met de bouw van het landhuis Santa Barbara is men in 1662 begonnen. Met een oppervlakte van 1214 hectare was het landgoed een van de grootste plantages van Cura\u00e7ao. Het werd gebruikt voor landbouw en veeteelt. Santa Barbara was groot, maar leverde helaas weinig op.<\/li>\n<li>De plantage Savonet heeft Beck overgedaan aan de weduwe Stonehouse en op haar beurt aan haar erfgenamen Jan en Nathaniel Ellis.<sup class='footnote'><a href='#fn-4763-13' id='fnref-4763-13' onclick='return fdfootnote_show(4763)'>13<\/a><\/sup><\/li>\n<li>Balthasar Beck, advocaat,&nbsp;trouwde met Barbara Roth op 26 oktober 1676 te&nbsp;<a id=\"mwAdA\" title=\"Dambach-la-Ville\" href=\"https:\/\/nl.wikipedia.org\/wiki\/Dambach-la-Ville\" rel=\"mw:WikiLink\" data-ve-attributes=\"{&quot;rel&quot;:&quot;mw:WikiLink&quot;}\">Dambach-la-Ville<\/a>, in de Elzas. Sinds 1683 factoor op Cura\u00e7ao; Balthasar, die vloeiend Spaans sprak, is aangesteld door de WIC als administrateur van het <a href=\"http:\/\/tacotichelaar.nl\/wordpress\/asiento-de-negros\/\" target=\"_blank\" rel=\"noopener noreferrer\">Asiento de Negros<\/a> op Cura\u00e7ao en Jamaica. Hij werkte samen met <a href=\"http:\/\/tacotichelaar.nl\/wordpress\/huisonderzoeken\/coymans-wic-slavenhandel-haarlem-asiento-coymanshuizen-curacao\/\" target=\"_blank\" rel=\"noopener noreferrer\">Balthasar Coymans<\/a> uit Cadiz, kapitein Juan Barosso en Pedro van Belle, zijn zwager, in Carthagena.[<a href=\"https:\/\/books.google.nl\/books?id=tZj4Yqsw1AkC&amp;pg=RA1-PA7&amp;lpg=RA1-PA7&amp;dq=juan+barosso+del+pozo&amp;source=bl&amp;ots=pgzZb4SLsD&amp;sig=ACfU3U1_Yy5wm3Crpv2kkl7HmYDv9sPvOw&amp;hl=en&amp;sa=X&amp;ved=2ahUKEwiwtZnVwO3oAhXN-KQKHQVDA6UQ6AEwDXoECAYQMQ#v=onepage&amp;q=juan%20barosso%20del%20pozo&amp;f=false\" target=\"_blank\" rel=\"noopener noreferrer\">Pertinent en waarachtig verhaal van alle de handelingen en directie van Pedro van Belle omtrent den slavenhandel, ofwel het Assiento de Negros &#8230;<\/a> &nbsp;]&nbsp;<\/li>\n<\/ul>\n<p>Uit zijn tweede huwelijk met Leonora Grevenraet:<\/p>\n<ul>\n<li>Willem Beck is op 29 juni 1659 gedoopt. Willem moet ouder zijn geweest, want<\/li>\n<li>Maria Elisabeth Beck is op 17 augustus 1659 en<\/li>\n<li>Matthias Beck is op 29 augustus 1660 gedoopt.[<a href=\"https:\/\/www.dbnl.org\/arch\/euwe002gede01_01\/pag\/euwe002gede01_01.pdf\" target=\"_blank\" rel=\"noopener noreferrer\">GEDENKBOEK NEDERLAND-CURA\u00c7AO 1634&#8211;1934 , p. 54<\/a>] Misschien was er een predikant aangekomen op het eiland? Matthias Beck, getrouwd met Josina Goris, liet zijn huwelijk in 1678 inschrijven in Amsterdam, maar woonde rond 1680 in Nijmegen en in 1698 in Utrecht. In dat laatste jaar verkocht hij een plantage op Cura\u00e7ao aan zijn halfbroer Jacob Beck.&nbsp;<\/li>\n<li>Johannes Beck promoveerde in 1682 in Utrecht.[<a href=\"https:\/\/www.nikhef.nl\/~louk\/KERK\/generation4.html\" target=\"_blank\" rel=\"noopener\">https:\/\/www.nikhef.nl\/~louk\/KERK\/generation4.html<\/a>]<\/li>\n<\/ul>\n<p>Na het overlijden van Matthias Beck de oude ging de functie van vice-directeur twee keer tijdelijk over naar zijn broer Willem Beck.<sup class='footnote'><a href='#fn-4763-14' id='fnref-4763-14' onclick='return fdfootnote_show(4763)'>14<\/a><\/sup> In 1673 is Cura\u00e7ao aangevallen door de Fransen.[<a href=\"https:\/\/books.google.nl\/books?id=1wOyCAAAQBAJ&amp;pg=PA133&amp;lpg=PA133&amp;dq=jan+balthasar+Coymans+curacao&amp;source=bl&amp;ots=yy5dxO8DhO&amp;sig=ACfU3U1pvDKr87DHdOwgl35_6Y9B25PB0A&amp;hl=en&amp;sa=X&amp;ved=2ahUKEwjb7KfsjbHpAhXzJMUKHe95BEYQ6AEwBnoECAkQAQ#v=onepage&amp;q=jan%20balthasar%20Coymans%20curacao&amp;f=false\" target=\"_blank\" rel=\"noopener noreferrer\">Levenstekens: Gekaapte brieven uit het Rampjaar 1672 By Judith Brouwer, p. 133<\/a>] in 1713 door Jacques Cassard.<\/p>\n<h3>Referenties<\/h3>\n<div class='footnotes' id='footnotes-4763'>\n<div class='footnotedivider'><\/div>\n<ol>\n<li id='fn-4763-1'> Rita Krommen (2006) Mathias Beck und die Westindische Kompagnie. Zur Herrschaft der Niederl\u00e4nder im kolonialen Cear\u00e1, p. 48. In: Arbeitspapier zur Lateinamerikaforschung. Universit\u00e4t zu K\u00f6ln. <span class='footnotereverse'><a href='#fnref-4763-1'>&#8617;<\/a><\/span><\/li>\n<li id='fn-4763-2'> J.A. Schiltkamp (1989) <em>Cura\u00e7ou onder vice-directeur Beck, 1655-1668<\/em>, p. 250 <span class='footnotereverse'><a href='#fnref-4763-2'>&#8617;<\/a><\/span><\/li>\n<li id='fn-4763-3'> R. Krommen, p. 51 <span class='footnotereverse'><a href='#fnref-4763-3'>&#8617;<\/a><\/span><\/li>\n<li id='fn-4763-4'>&nbsp;<a href=\"http:\/\/proxy.handle.net\/10648\/16490bf5-fda9-4b5e-af99-df66d07a564a\" target=\"_blank\" rel=\"noopener noreferrer\">Nationaal Archief<\/a> <span class='footnotereverse'><a href='#fnref-4763-4'>&#8617;<\/a><\/span><\/li>\n<li id='fn-4763-5'> J.A. Schiltkamp (1989) <em>Cura\u00e7ou onder vice-directeur Beck, 1655-1668<\/em>, p. 251 <span class='footnotereverse'><a href='#fnref-4763-5'>&#8617;<\/a><\/span><\/li>\n<li id='fn-4763-6'> R. Krommen, p. 72 <span class='footnotereverse'><a href='#fnref-4763-6'>&#8617;<\/a><\/span><\/li>\n<li id='fn-4763-7'> Amigoe, 19 mei 1990 <span class='footnotereverse'><a href='#fnref-4763-7'>&#8617;<\/a><\/span><\/li>\n<li id='fn-4763-8'> J.A. Schiltkamp (1989) <em>Cura\u00e7ou onder vice-directeur Beck, 1655-1668<\/em>, p. 250 <span class='footnotereverse'><a href='#fnref-4763-8'>&#8617;<\/a><\/span><\/li>\n<li id='fn-4763-9'> <a href=\"https:\/\/esefarad.com\/a-brief-history-of-the-sephardim-of-curacao\/\" target=\"_blank\" rel=\"noopener\">https:\/\/esefarad.com\/a-brief-history-of-the-sephardim-of-curacao\/<\/a> <span class='footnotereverse'><a href='#fnref-4763-9'>&#8617;<\/a><\/span><\/li>\n<li id='fn-4763-10'> J.A. Schiltkamp (1989) <em>Cura\u00e7ou onder vice-directeur Beck, 1655-1668<\/em>, p. 269-271 <span class='footnotereverse'><a href='#fnref-4763-10'>&#8617;<\/a><\/span><\/li>\n<li id='fn-4763-11'> Haar ouders woonden op Keizersgracht 195, een pand dat is afgebroken voor de aanleg van de Raadhuisstraat. <span class='footnotereverse'><a href='#fnref-4763-11'>&#8617;<\/a><\/span><\/li>\n<li id='fn-4763-12'> C.J. Wasch (1888) <em>Een doopregister der Hollanders in Brazili\u00eb<\/em>, p. 169, 170, 228, 248, 282. In: Algemeen Nederlandsch Familieblad. Tijdschrift voor Geschiedenis, Geslacht, Wapen, Zegelkunde, enz. <span class='footnotereverse'><a href='#fnref-4763-12'>&#8617;<\/a><\/span><\/li>\n<li id='fn-4763-13'> <a href=\"https:\/\/jvbq.nl\/wp-content\/uploads\/2020\/08\/AJC-Krafft-historie-en-oude-families-van-de-nederlandse-antillen-het-antilliaanse-patriciaat.pdf\" target=\"_blank\" rel=\"noopener\">https:\/\/jvbq.nl\/wp-content\/uploads\/2020\/08\/AJC-Krafft-historie-en-oude-families-van-de-nederlandse-antillen-het-antilliaanse-patriciaat.pdf<\/a> <span class='footnotereverse'><a href='#fnref-4763-13'>&#8617;<\/a><\/span><\/li>\n<li id='fn-4763-14'> Pieter van Beeck in Amsterdam was \u00e9\u00e9n van de voogden van de onmondige kinderen van Matthijs, maar hij had ook een proces aangespannen tegen de Hoeuffts samen met Jacob Venturin, een slavenhaler op Cura\u00e7ao. In: De Nederlandsche Leeuw (1936), p. 342 <span class='footnotereverse'><a href='#fnref-4763-14'>&#8617;<\/a><\/span><\/li>\n<\/ol>\n<\/div>\n<div class=\"pvc_clear\"><\/div>\n<p id=\"pvc_stats_4763\" class=\"pvc_stats all  \" data-element-id=\"4763\" style=\"\"><i class=\"pvc-stats-icon medium\" aria-hidden=\"true\"><svg aria-hidden=\"true\" focusable=\"false\" data-prefix=\"far\" data-icon=\"chart-bar\" role=\"img\" xmlns=\"http:\/\/www.w3.org\/2000\/svg\" viewBox=\"0 0 512 512\" class=\"svg-inline--fa fa-chart-bar fa-w-16 fa-2x\"><path fill=\"currentColor\" d=\"M396.8 352h22.4c6.4 0 12.8-6.4 12.8-12.8V108.8c0-6.4-6.4-12.8-12.8-12.8h-22.4c-6.4 0-12.8 6.4-12.8 12.8v230.4c0 6.4 6.4 12.8 12.8 12.8zm-192 0h22.4c6.4 0 12.8-6.4 12.8-12.8V140.8c0-6.4-6.4-12.8-12.8-12.8h-22.4c-6.4 0-12.8 6.4-12.8 12.8v198.4c0 6.4 6.4 12.8 12.8 12.8zm96 0h22.4c6.4 0 12.8-6.4 12.8-12.8V204.8c0-6.4-6.4-12.8-12.8-12.8h-22.4c-6.4 0-12.8 6.4-12.8 12.8v134.4c0 6.4 6.4 12.8 12.8 12.8zM496 400H48V80c0-8.84-7.16-16-16-16H16C7.16 64 0 71.16 0 80v336c0 17.67 14.33 32 32 32h464c8.84 0 16-7.16 16-16v-16c0-8.84-7.16-16-16-16zm-387.2-48h22.4c6.4 0 12.8-6.4 12.8-12.8v-70.4c0-6.4-6.4-12.8-12.8-12.8h-22.4c-6.4 0-12.8 6.4-12.8 12.8v70.4c0 6.4 6.4 12.8 12.8 12.8z\" class=\"\"><\/path><\/svg><\/i> <img loading=\"lazy\" decoding=\"async\" width=\"16\" height=\"16\" alt=\"Loading\" src=\"https:\/\/tacotichelaar.nl\/wordpress\/wp-content\/plugins\/page-views-count\/ajax-loader-2x.gif\" border=0 \/><\/p>\n<div class=\"pvc_clear\"><\/div>\n","protected":false},"excerpt":{"rendered":"<p>Matthijs Beck (Stolberg bij Aken (?) &#8211; Willemstad, Cura\u00e7ao, 10 of 15 november 1668) vertrok in april 1635 als koopman in suiker, lakens naar Nederlands-Brazili\u00eb, waar hij na twee maanden aankwam.1 Hij zou niet in dienst geweest zijn van de WIC, maar een &#8220;vrije jongen&#8221;.2 Beck kwam eerder dan Johan Maurits in Brazili\u00eb aan en &hellip; <a href=\"https:\/\/tacotichelaar.nl\/wordpress\/westindische-compagnie\/matthijs-beck-onder-directeur-van-curacao\/\" class=\"more-link\">Lees verder <span class=\"screen-reader-text\">Matthijs Beck, onder-directeur van de WIC op Cura\u00e7ao<\/span> <span class=\"meta-nav\">&rarr;<\/span><\/a><\/p>\n<div class=\"pvc_clear\"><\/div>\n<p id=\"pvc_stats_4763\" class=\"pvc_stats all  \" data-element-id=\"4763\" style=\"\"><i class=\"pvc-stats-icon medium\" aria-hidden=\"true\"><svg aria-hidden=\"true\" focusable=\"false\" data-prefix=\"far\" data-icon=\"chart-bar\" role=\"img\" xmlns=\"http:\/\/www.w3.org\/2000\/svg\" viewBox=\"0 0 512 512\" class=\"svg-inline--fa fa-chart-bar fa-w-16 fa-2x\"><path fill=\"currentColor\" d=\"M396.8 352h22.4c6.4 0 12.8-6.4 12.8-12.8V108.8c0-6.4-6.4-12.8-12.8-12.8h-22.4c-6.4 0-12.8 6.4-12.8 12.8v230.4c0 6.4 6.4 12.8 12.8 12.8zm-192 0h22.4c6.4 0 12.8-6.4 12.8-12.8V140.8c0-6.4-6.4-12.8-12.8-12.8h-22.4c-6.4 0-12.8 6.4-12.8 12.8v198.4c0 6.4 6.4 12.8 12.8 12.8zm96 0h22.4c6.4 0 12.8-6.4 12.8-12.8V204.8c0-6.4-6.4-12.8-12.8-12.8h-22.4c-6.4 0-12.8 6.4-12.8 12.8v134.4c0 6.4 6.4 12.8 12.8 12.8zM496 400H48V80c0-8.84-7.16-16-16-16H16C7.16 64 0 71.16 0 80v336c0 17.67 14.33 32 32 32h464c8.84 0 16-7.16 16-16v-16c0-8.84-7.16-16-16-16zm-387.2-48h22.4c6.4 0 12.8-6.4 12.8-12.8v-70.4c0-6.4-6.4-12.8-12.8-12.8h-22.4c-6.4 0-12.8 6.4-12.8 12.8v70.4c0 6.4 6.4 12.8 12.8 12.8z\" class=\"\"><\/path><\/svg><\/i> <img loading=\"lazy\" decoding=\"async\" width=\"16\" height=\"16\" alt=\"Loading\" src=\"https:\/\/tacotichelaar.nl\/wordpress\/wp-content\/plugins\/page-views-count\/ajax-loader-2x.gif\" border=0 \/><\/p>\n<div class=\"pvc_clear\"><\/div>\n","protected":false},"author":1,"featured_media":0,"parent":2335,"menu_order":0,"comment_status":"open","ping_status":"open","template":"","meta":{"_acf_changed":false,"footnotes":""},"class_list":["post-4763","page","type-page","status-publish","hentry"],"acf":[],"a3_pvc":{"activated":true,"total_views":6026,"today_views":0},"yoast_head":"<!-- This site is optimized with the Yoast SEO Premium plugin v27.3 (Yoast SEO v27.4) - https:\/\/yoast.com\/product\/yoast-seo-premium-wordpress\/ -->\n<title>Matthijs Beck, onder-directeur van de WIC op Cura\u00e7ao - Taco Tichelaar<\/title>\n<meta name=\"robots\" content=\"index, follow, max-snippet:-1, max-image-preview:large, max-video-preview:-1\" \/>\n<link rel=\"canonical\" href=\"https:\/\/tacotichelaar.nl\/wordpress\/westindische-compagnie\/matthijs-beck-onder-directeur-van-curacao\/\" \/>\n<meta property=\"og:locale\" content=\"nl_NL\" \/>\n<meta property=\"og:type\" content=\"article\" \/>\n<meta property=\"og:title\" content=\"Matthijs Beck, onder-directeur van de WIC op Cura\u00e7ao\" \/>\n<meta property=\"og:description\" content=\"Matthijs Beck (Stolberg bij Aken (?) &#8211; Willemstad, Cura\u00e7ao, 10 of 15 november 1668) vertrok in april 1635 als koopman in suiker, lakens naar Nederlands-Brazili\u00eb, waar hij na twee maanden aankwam.1 Hij zou niet in dienst geweest zijn van de WIC, maar een &#8220;vrije jongen&#8221;.2 Beck kwam eerder dan Johan Maurits in Brazili\u00eb aan en &hellip; Lees verder Matthijs Beck, onder-directeur van de WIC op Cura\u00e7ao &rarr;\" \/>\n<meta property=\"og:url\" content=\"https:\/\/tacotichelaar.nl\/wordpress\/westindische-compagnie\/matthijs-beck-onder-directeur-van-curacao\/\" \/>\n<meta property=\"og:site_name\" content=\"Taco Tichelaar\" \/>\n<meta property=\"article:publisher\" content=\"https:\/\/www.facebook.com\/taco.tichelaar\" \/>\n<meta property=\"article:modified_time\" content=\"2024-09-27T06:05:41+00:00\" \/>\n<meta property=\"og:image\" content=\"https:\/\/upload.wikimedia.org\/wikipedia\/commons\/a\/a1\/Frans_Post_002.jpg\" \/>\n<meta name=\"twitter:label1\" content=\"Geschatte leestijd\" \/>\n\t<meta name=\"twitter:data1\" content=\"6 minuten\" \/>\n<script type=\"application\/ld+json\" class=\"yoast-schema-graph\">{\"@context\":\"https:\\\/\\\/schema.org\",\"@graph\":[{\"@type\":\"WebPage\",\"@id\":\"https:\\\/\\\/tacotichelaar.nl\\\/wordpress\\\/westindische-compagnie\\\/matthijs-beck-onder-directeur-van-curacao\\\/\",\"url\":\"https:\\\/\\\/tacotichelaar.nl\\\/wordpress\\\/westindische-compagnie\\\/matthijs-beck-onder-directeur-van-curacao\\\/\",\"name\":\"Matthijs Beck, onder-directeur van de WIC op Cura\u00e7ao - Taco Tichelaar\",\"isPartOf\":{\"@id\":\"https:\\\/\\\/tacotichelaar.nl\\\/wordpress\\\/#website\"},\"primaryImageOfPage\":{\"@id\":\"https:\\\/\\\/tacotichelaar.nl\\\/wordpress\\\/westindische-compagnie\\\/matthijs-beck-onder-directeur-van-curacao\\\/#primaryimage\"},\"image\":{\"@id\":\"https:\\\/\\\/tacotichelaar.nl\\\/wordpress\\\/westindische-compagnie\\\/matthijs-beck-onder-directeur-van-curacao\\\/#primaryimage\"},\"thumbnailUrl\":\"https:\\\/\\\/upload.wikimedia.org\\\/wikipedia\\\/commons\\\/a\\\/a1\\\/Frans_Post_002.jpg\",\"datePublished\":\"2017-05-19T14:47:58+00:00\",\"dateModified\":\"2024-09-27T06:05:41+00:00\",\"breadcrumb\":{\"@id\":\"https:\\\/\\\/tacotichelaar.nl\\\/wordpress\\\/westindische-compagnie\\\/matthijs-beck-onder-directeur-van-curacao\\\/#breadcrumb\"},\"inLanguage\":\"nl-NL\",\"potentialAction\":[{\"@type\":\"ReadAction\",\"target\":[\"https:\\\/\\\/tacotichelaar.nl\\\/wordpress\\\/westindische-compagnie\\\/matthijs-beck-onder-directeur-van-curacao\\\/\"]}]},{\"@type\":\"ImageObject\",\"inLanguage\":\"nl-NL\",\"@id\":\"https:\\\/\\\/tacotichelaar.nl\\\/wordpress\\\/westindische-compagnie\\\/matthijs-beck-onder-directeur-van-curacao\\\/#primaryimage\",\"url\":\"https:\\\/\\\/upload.wikimedia.org\\\/wikipedia\\\/commons\\\/a\\\/a1\\\/Frans_Post_002.jpg\",\"contentUrl\":\"https:\\\/\\\/upload.wikimedia.org\\\/wikipedia\\\/commons\\\/a\\\/a1\\\/Frans_Post_002.jpg\"},{\"@type\":\"BreadcrumbList\",\"@id\":\"https:\\\/\\\/tacotichelaar.nl\\\/wordpress\\\/westindische-compagnie\\\/matthijs-beck-onder-directeur-van-curacao\\\/#breadcrumb\",\"itemListElement\":[{\"@type\":\"ListItem\",\"position\":1,\"name\":\"Home\",\"item\":\"https:\\\/\\\/tacotichelaar.nl\\\/wordpress\\\/\"},{\"@type\":\"ListItem\",\"position\":2,\"name\":\"De Westindische Compagnie\",\"item\":\"https:\\\/\\\/tacotichelaar.nl\\\/wordpress\\\/westindische-compagnie\\\/\"},{\"@type\":\"ListItem\",\"position\":3,\"name\":\"Matthijs Beck, onder-directeur van de WIC op Cura\u00e7ao\"}]},{\"@type\":\"WebSite\",\"@id\":\"https:\\\/\\\/tacotichelaar.nl\\\/wordpress\\\/#website\",\"url\":\"https:\\\/\\\/tacotichelaar.nl\\\/wordpress\\\/\",\"name\":\"Taco Tichelaar\",\"description\":\"geschiedenis, huisonderzoek\",\"publisher\":{\"@id\":\"https:\\\/\\\/tacotichelaar.nl\\\/wordpress\\\/#\\\/schema\\\/person\\\/9507958c5bf79d94fffc2702606bc3a6\"},\"potentialAction\":[{\"@type\":\"SearchAction\",\"target\":{\"@type\":\"EntryPoint\",\"urlTemplate\":\"https:\\\/\\\/tacotichelaar.nl\\\/wordpress\\\/?s={search_term_string}\"},\"query-input\":{\"@type\":\"PropertyValueSpecification\",\"valueRequired\":true,\"valueName\":\"search_term_string\"}}],\"inLanguage\":\"nl-NL\"},{\"@type\":[\"Person\",\"Organization\"],\"@id\":\"https:\\\/\\\/tacotichelaar.nl\\\/wordpress\\\/#\\\/schema\\\/person\\\/9507958c5bf79d94fffc2702606bc3a6\",\"name\":\"admin\",\"image\":{\"@type\":\"ImageObject\",\"inLanguage\":\"nl-NL\",\"@id\":\"https:\\\/\\\/secure.gravatar.com\\\/avatar\\\/a49b40cf75021306b5946fce4549f64c43bfe4038dec77cf518111eb1b9e3f77?s=96&d=identicon&r=g\",\"url\":\"https:\\\/\\\/secure.gravatar.com\\\/avatar\\\/a49b40cf75021306b5946fce4549f64c43bfe4038dec77cf518111eb1b9e3f77?s=96&d=identicon&r=g\",\"contentUrl\":\"https:\\\/\\\/secure.gravatar.com\\\/avatar\\\/a49b40cf75021306b5946fce4549f64c43bfe4038dec77cf518111eb1b9e3f77?s=96&d=identicon&r=g\",\"caption\":\"admin\"},\"logo\":{\"@id\":\"https:\\\/\\\/secure.gravatar.com\\\/avatar\\\/a49b40cf75021306b5946fce4549f64c43bfe4038dec77cf518111eb1b9e3f77?s=96&d=identicon&r=g\"},\"description\":\"My hobby is house and occupant research of canal houses in Amsterdam. Of some canal houses much is known, but in general I collect relevant information in tax books, stored in the Amsterdam city archive, in the literature or on internet. \u201c According to Zhuang zi, a Tao philosopher life is limited and knowledge to be gained is unlimited.' [2] \u201d\",\"sameAs\":[\"https:\\\/\\\/tacotichelaar.nl\",\"https:\\\/\\\/www.facebook.com\\\/taco.tichelaar\",\"https:\\\/\\\/www.linkedin.com\\\/in\\\/taco-tichelaar-a01036221\\\/\",\"https:\\\/\\\/en.wikipedia.org\\\/wiki\\\/User:Taksen\"],\"knowsAbout\":[\"18e eeuw\"],\"knowsLanguage\":[\"duits\",\"engels\",\"nederlands\",\"fries\"]}]}<\/script>\n<!-- \/ Yoast SEO Premium plugin. -->","yoast_head_json":{"title":"Matthijs Beck, onder-directeur van de WIC op Cura\u00e7ao - Taco Tichelaar","robots":{"index":"index","follow":"follow","max-snippet":"max-snippet:-1","max-image-preview":"max-image-preview:large","max-video-preview":"max-video-preview:-1"},"canonical":"https:\/\/tacotichelaar.nl\/wordpress\/westindische-compagnie\/matthijs-beck-onder-directeur-van-curacao\/","og_locale":"nl_NL","og_type":"article","og_title":"Matthijs Beck, onder-directeur van de WIC op Cura\u00e7ao","og_description":"Matthijs Beck (Stolberg bij Aken (?) &#8211; Willemstad, Cura\u00e7ao, 10 of 15 november 1668) vertrok in april 1635 als koopman in suiker, lakens naar Nederlands-Brazili\u00eb, waar hij na twee maanden aankwam.1 Hij zou niet in dienst geweest zijn van de WIC, maar een &#8220;vrije jongen&#8221;.2 Beck kwam eerder dan Johan Maurits in Brazili\u00eb aan en &hellip; Lees verder Matthijs Beck, onder-directeur van de WIC op Cura\u00e7ao &rarr;","og_url":"https:\/\/tacotichelaar.nl\/wordpress\/westindische-compagnie\/matthijs-beck-onder-directeur-van-curacao\/","og_site_name":"Taco Tichelaar","article_publisher":"https:\/\/www.facebook.com\/taco.tichelaar","article_modified_time":"2024-09-27T06:05:41+00:00","og_image":[{"url":"https:\/\/upload.wikimedia.org\/wikipedia\/commons\/a\/a1\/Frans_Post_002.jpg","type":"","width":"","height":""}],"twitter_misc":{"Geschatte leestijd":"6 minuten"},"schema":{"@context":"https:\/\/schema.org","@graph":[{"@type":"WebPage","@id":"https:\/\/tacotichelaar.nl\/wordpress\/westindische-compagnie\/matthijs-beck-onder-directeur-van-curacao\/","url":"https:\/\/tacotichelaar.nl\/wordpress\/westindische-compagnie\/matthijs-beck-onder-directeur-van-curacao\/","name":"Matthijs Beck, onder-directeur van de WIC op Cura\u00e7ao - Taco Tichelaar","isPartOf":{"@id":"https:\/\/tacotichelaar.nl\/wordpress\/#website"},"primaryImageOfPage":{"@id":"https:\/\/tacotichelaar.nl\/wordpress\/westindische-compagnie\/matthijs-beck-onder-directeur-van-curacao\/#primaryimage"},"image":{"@id":"https:\/\/tacotichelaar.nl\/wordpress\/westindische-compagnie\/matthijs-beck-onder-directeur-van-curacao\/#primaryimage"},"thumbnailUrl":"https:\/\/upload.wikimedia.org\/wikipedia\/commons\/a\/a1\/Frans_Post_002.jpg","datePublished":"2017-05-19T14:47:58+00:00","dateModified":"2024-09-27T06:05:41+00:00","breadcrumb":{"@id":"https:\/\/tacotichelaar.nl\/wordpress\/westindische-compagnie\/matthijs-beck-onder-directeur-van-curacao\/#breadcrumb"},"inLanguage":"nl-NL","potentialAction":[{"@type":"ReadAction","target":["https:\/\/tacotichelaar.nl\/wordpress\/westindische-compagnie\/matthijs-beck-onder-directeur-van-curacao\/"]}]},{"@type":"ImageObject","inLanguage":"nl-NL","@id":"https:\/\/tacotichelaar.nl\/wordpress\/westindische-compagnie\/matthijs-beck-onder-directeur-van-curacao\/#primaryimage","url":"https:\/\/upload.wikimedia.org\/wikipedia\/commons\/a\/a1\/Frans_Post_002.jpg","contentUrl":"https:\/\/upload.wikimedia.org\/wikipedia\/commons\/a\/a1\/Frans_Post_002.jpg"},{"@type":"BreadcrumbList","@id":"https:\/\/tacotichelaar.nl\/wordpress\/westindische-compagnie\/matthijs-beck-onder-directeur-van-curacao\/#breadcrumb","itemListElement":[{"@type":"ListItem","position":1,"name":"Home","item":"https:\/\/tacotichelaar.nl\/wordpress\/"},{"@type":"ListItem","position":2,"name":"De Westindische Compagnie","item":"https:\/\/tacotichelaar.nl\/wordpress\/westindische-compagnie\/"},{"@type":"ListItem","position":3,"name":"Matthijs Beck, onder-directeur van de WIC op Cura\u00e7ao"}]},{"@type":"WebSite","@id":"https:\/\/tacotichelaar.nl\/wordpress\/#website","url":"https:\/\/tacotichelaar.nl\/wordpress\/","name":"Taco Tichelaar","description":"geschiedenis, huisonderzoek","publisher":{"@id":"https:\/\/tacotichelaar.nl\/wordpress\/#\/schema\/person\/9507958c5bf79d94fffc2702606bc3a6"},"potentialAction":[{"@type":"SearchAction","target":{"@type":"EntryPoint","urlTemplate":"https:\/\/tacotichelaar.nl\/wordpress\/?s={search_term_string}"},"query-input":{"@type":"PropertyValueSpecification","valueRequired":true,"valueName":"search_term_string"}}],"inLanguage":"nl-NL"},{"@type":["Person","Organization"],"@id":"https:\/\/tacotichelaar.nl\/wordpress\/#\/schema\/person\/9507958c5bf79d94fffc2702606bc3a6","name":"admin","image":{"@type":"ImageObject","inLanguage":"nl-NL","@id":"https:\/\/secure.gravatar.com\/avatar\/a49b40cf75021306b5946fce4549f64c43bfe4038dec77cf518111eb1b9e3f77?s=96&d=identicon&r=g","url":"https:\/\/secure.gravatar.com\/avatar\/a49b40cf75021306b5946fce4549f64c43bfe4038dec77cf518111eb1b9e3f77?s=96&d=identicon&r=g","contentUrl":"https:\/\/secure.gravatar.com\/avatar\/a49b40cf75021306b5946fce4549f64c43bfe4038dec77cf518111eb1b9e3f77?s=96&d=identicon&r=g","caption":"admin"},"logo":{"@id":"https:\/\/secure.gravatar.com\/avatar\/a49b40cf75021306b5946fce4549f64c43bfe4038dec77cf518111eb1b9e3f77?s=96&d=identicon&r=g"},"description":"My hobby is house and occupant research of canal houses in Amsterdam. Of some canal houses much is known, but in general I collect relevant information in tax books, stored in the Amsterdam city archive, in the literature or on internet. \u201c According to Zhuang zi, a Tao philosopher life is limited and knowledge to be gained is unlimited.' [2] \u201d","sameAs":["https:\/\/tacotichelaar.nl","https:\/\/www.facebook.com\/taco.tichelaar","https:\/\/www.linkedin.com\/in\/taco-tichelaar-a01036221\/","https:\/\/en.wikipedia.org\/wiki\/User:Taksen"],"knowsAbout":["18e eeuw"],"knowsLanguage":["duits","engels","nederlands","fries"]}]}},"_links":{"self":[{"href":"https:\/\/tacotichelaar.nl\/wordpress\/wp-json\/wp\/v2\/pages\/4763","targetHints":{"allow":["GET"]}}],"collection":[{"href":"https:\/\/tacotichelaar.nl\/wordpress\/wp-json\/wp\/v2\/pages"}],"about":[{"href":"https:\/\/tacotichelaar.nl\/wordpress\/wp-json\/wp\/v2\/types\/page"}],"author":[{"embeddable":true,"href":"https:\/\/tacotichelaar.nl\/wordpress\/wp-json\/wp\/v2\/users\/1"}],"replies":[{"embeddable":true,"href":"https:\/\/tacotichelaar.nl\/wordpress\/wp-json\/wp\/v2\/comments?post=4763"}],"version-history":[{"count":0,"href":"https:\/\/tacotichelaar.nl\/wordpress\/wp-json\/wp\/v2\/pages\/4763\/revisions"}],"up":[{"embeddable":true,"href":"https:\/\/tacotichelaar.nl\/wordpress\/wp-json\/wp\/v2\/pages\/2335"}],"wp:attachment":[{"href":"https:\/\/tacotichelaar.nl\/wordpress\/wp-json\/wp\/v2\/media?parent=4763"}],"curies":[{"name":"wp","href":"https:\/\/api.w.org\/{rel}","templated":true}]}}